{"id":324665,"date":"2025-10-23T13:42:38","date_gmt":"2025-10-23T11:42:38","guid":{"rendered":"https:\/\/freakuence.nl\/product\/naim-nac-112x\/"},"modified":"2026-04-08T17:46:01","modified_gmt":"2026-04-08T15:46:01","slug":"naim-nac-112x","status":"publish","type":"product","link":"https:\/\/dev.freakuence.nl\/de\/produkt\/naim-nac-112x\/","title":{"rendered":"Naim NAC 112x"},"content":{"rendered":"<div class=\"product-specifications-list\">\n<div class=\"specification-item row-header\"><span class=\"spec-content\"><strong>Beschreibung Freakuence!<\/strong><\/span><\/div>\n<div class=\"specification-item row-even\"><span class=\"spec-content\">Sch\u00f6ner schlanker Vorverst\u00e4rker von Naim. Er schafft es m\u00fchelos, ein ger\u00e4umiges Stereobild zu erzeugen. Stellt Stimmen sch\u00f6n in den Vordergrund. Kein \u00dcberma\u00df, nur unkomplizierter Genuss. Der Begleiter, der ein L\u00e4cheln auf Ihr Gesicht zaubert.    <\/span><\/div>\n<div class=\"specification-item row-header\"><span class=\"spec-content\"><strong>Details<\/strong><\/span><\/div>\n<div class=\"specification-item row-even\"><span class=\"spec-content\">Naim, die schwarzen Boxen mit dann einem Kabel, dann nicht. Knifflig! Wir liefern standardm\u00e4\u00dfig keine DIN-Kabel mit ihnen. Fragen Sie einfach nach, was wir zur Verf\u00fcgung haben.   <\/span><\/div>\n<div class=\"specification-item row-header\"><span class=\"spec-content\"><strong>Allgemeine Beschreibung<\/strong><\/span><\/div>\n<div class=\"specification-item row-even\"><span class=\"spec-content\">Dieser Vorverst\u00e4rker bietet sechs Eing\u00e4nge, darunter zwei Cinchbuchsen f\u00fcr zus\u00e4tzliche Anschlussm\u00f6glichkeiten. Die Lautst\u00e4rke wird \u00fcber eine digital gesteuerte Widerstandsleiter geregelt, die eine pr\u00e4zise Steuerung erm\u00f6glicht. Die programmierbare Funktion erm\u00f6glicht die Anpassung des Lautst\u00e4rkepegels f\u00fcr jeden Eingang, so dass die Lautst\u00e4rke beim Umschalten zwischen den Quellen gleich bleibt. Die Fernbedienung bietet zus\u00e4tzlichen Komfort. F\u00fcr eine optimale Leistung kann das System mit einem externen Netzteil, wie z.B. dem Flatcap, erweitert werden, um die Klangqualit\u00e4t weiter zu verbessern.    <\/span><\/div>\n<div class=\"specification-item row-header\"><span class=\"spec-content\"><strong>Hintergrundinformationen<\/strong><\/span><\/div>\n<div class=\"specification-item row-even\"><span class=\"spec-content\">Der Naim Supernait 3 wurde gem\u00e4\u00df der Naim-Philosophie &#8222;weniger ist mehr&#8220; entwickelt. Der Verst\u00e4rker kombiniert einen vollst\u00e4ndig diskreten, handselektierten Class-A-Vorverst\u00e4rker mit einem hochwertigen MM-Phonoeingang. Die interne Verkabelung ist minimalistisch, mit direkten Signalwegen f\u00fcr eine reine Klangwiedergabe. Das robuste Aluminiumgeh\u00e4use sch\u00fctzt vor Mikrofonie und elektromagnetischen Einfl\u00fcssen. Entwicklung und Montage finden in Salisbury, England, unter der Leitung von Ingenieuren wie Steve Sells statt.    <\/span><\/div>\n<div class=\"specification-item row-header\"><span class=\"spec-content\"><strong>Geschichte der Marke<\/strong><\/span><\/div>\n<div class=\"specification-item row-even\"><span class=\"spec-content\">Naim Audio wurde 1973 von Julian Vereker gegr\u00fcndet, einem britischen Ingenieur mit einer Leidenschaft f\u00fcr Elektronik und Musik. 1985 erhielt das Unternehmen zum ersten Mal den prestigetr\u00e4chtigen Queen&#8217;s Award, eine Auszeichnung, die sp\u00e4ter noch zweimal verliehen wurde. 1991 stellte das Unternehmen seinen ersten CD-Player, den CDS, mit einem zweiteiligen Geh\u00e4use f\u00fcr eine verbesserte Leistung vor. Im Jahr 2000 wurde der kultige NAP 500 Verst\u00e4rker auf den Markt gebracht, gefolgt von der Entwicklung des Statement Verst\u00e4rkersystems im Jahr 2014, einem Meilenstein in der Entwicklung des Unternehmens.   <\/span><\/div>\n<\/div>\n","protected":false},"excerpt":{"rendered":"<p>Beschreibung Freakuence! Sch\u00f6ner schlanker Vorverst\u00e4rker von Naim. Er schafft es m\u00fchelos, ein ger\u00e4umiges Stereobild zu erzeugen. Stellt Stimmen sch\u00f6n in den Vordergrund. Kein \u00dcberma\u00df, nur unkomplizierter Genuss. Der Begleiter, der ein L\u00e4cheln auf Ihr Gesicht zaubert. Details Naim, die schwarzen Boxen mit dann einem Kabel, dann nicht. Knifflig! Wir liefern standardm\u00e4\u00dfig keine DIN-Kabel mit ihnen. [&hellip;]<\/p>\n","protected":false},"featured_media":382461,"template":"","meta":{"_acf_changed":false,"inline_featured_image":false},"product_brand":[],"product_cat":[774,744,532],"product_tag":[534],"class_list":{"0":"post-324665","1":"product","2":"type-product","3":"status-publish","4":"has-post-thumbnail","6":"product_cat-klasse-a-a-b-stereo-verstarker","7":"product_cat-stereo-verstarker","8":"product_cat-verstarker","9":"product_tag-benutzt","10":"pa_kleur-schwarz","12":"first","13":"instock","14":"sold-individually","15":"purchasable","16":"product-type-simple"},"acf":{"website":true,"show_on_homepage":false,"brand_title":"Naim","product_type":"NAC 112x","color":"Schwarz","subcolor":"","reserved_status":"0"},"yoast_head":"<!-- This site is optimized with the Yoast SEO plugin v25.9 - https:\/\/yoast.com\/wordpress\/plugins\/seo\/ -->\n<title>Naim NAC 112x | Freakuence!<\/title>\n<meta name=\"description\" content=\"Der Naim NAC 112x Vorverst\u00e4rker bietet sechs Eing\u00e4nge und eine pr\u00e4zise Lautst\u00e4rkeregelung f\u00fcr dynamischen Klang. \u2713 Neue &amp; gebrauchte HiFi-Ger\u00e4te \u2713 Kundenbewertung: 4.9 von 5 \u2713 Inzahlungnahme \u2713 H\u00f6rprobe\" \/>\n<meta name=\"robots\" content=\"noindex, follow, max-snippet:-1, max-image-preview:large, max-video-preview:-1\" \/>\n<meta property=\"og:locale\" content=\"de_DE\" \/>\n<meta property=\"og:type\" content=\"article\" \/>\n<meta property=\"og:title\" content=\"Naim NAC 112x | Freakuence!\" \/>\n<meta property=\"og:description\" content=\"Der Naim NAC 112x Vorverst\u00e4rker bietet sechs Eing\u00e4nge und eine pr\u00e4zise Lautst\u00e4rkeregelung f\u00fcr dynamischen Klang. \u2713 Neue &amp; gebrauchte HiFi-Ger\u00e4te \u2713 Kundenbewertung: 4.9 von 5 \u2713 Inzahlungnahme \u2713 H\u00f6rprobe\" \/>\n<meta property=\"og:url\" content=\"https:\/\/dev.freakuence.nl\/de\/produkt\/naim-nac-112x\/\" \/>\n<meta property=\"og:site_name\" content=\"Freakuence!\" \/>\n<meta property=\"article:modified_time\" content=\"2026-04-08T15:46:01+00:00\" \/>\n<meta property=\"og:image\" content=\"https:\/\/dev.freakuence.nl\/wp-content\/uploads\/2026\/04\/17612197038918-17008-IMG1496-scaled.jpg\" \/>\n\t<meta property=\"og:image:width\" content=\"1800\" \/>\n\t<meta property=\"og:image:height\" content=\"1200\" \/>\n\t<meta property=\"og:image:type\" content=\"image\/jpeg\" \/>\n<meta name=\"twitter:card\" content=\"summary_large_image\" \/>\n<script type=\"application\/ld+json\" class=\"yoast-schema-graph\">{\"@context\":\"https:\/\/schema.org\",\"@graph\":[{\"@type\":\"WebPage\",\"@id\":\"https:\/\/dev.freakuence.nl\/de\/produkt\/naim-nac-112x\/\",\"url\":\"https:\/\/dev.freakuence.nl\/de\/produkt\/naim-nac-112x\/\",\"name\":\"Naim NAC 112x | Freakuence!\",\"isPartOf\":{\"@id\":\"https:\/\/dev.freakuence.nl\/de\/#website\"},\"primaryImageOfPage\":{\"@id\":\"https:\/\/dev.freakuence.nl\/de\/produkt\/naim-nac-112x\/#primaryimage\"},\"image\":{\"@id\":\"https:\/\/dev.freakuence.nl\/de\/produkt\/naim-nac-112x\/#primaryimage\"},\"thumbnailUrl\":\"https:\/\/dev.freakuence.nl\/wp-content\/uploads\/2026\/04\/17612197038918-17008-IMG1496-scaled.jpg\",\"datePublished\":\"2025-10-23T11:42:38+00:00\",\"dateModified\":\"2026-04-08T15:46:01+00:00\",\"description\":\"Der Naim NAC 112x Vorverst\u00e4rker bietet sechs Eing\u00e4nge und eine pr\u00e4zise Lautst\u00e4rkeregelung f\u00fcr dynamischen Klang. \u2713 Neue & gebrauchte HiFi-Ger\u00e4te \u2713 Kundenbewertung: 4.9 von 5 \u2713 Inzahlungnahme \u2713 H\u00f6rprobe\",\"breadcrumb\":{\"@id\":\"https:\/\/dev.freakuence.nl\/de\/produkt\/naim-nac-112x\/#breadcrumb\"},\"inLanguage\":\"de\",\"potentialAction\":[{\"@type\":\"ReadAction\",\"target\":[\"https:\/\/dev.freakuence.nl\/de\/produkt\/naim-nac-112x\/\"]}]},{\"@type\":\"ImageObject\",\"inLanguage\":\"de\",\"@id\":\"https:\/\/dev.freakuence.nl\/de\/produkt\/naim-nac-112x\/#primaryimage\",\"url\":\"https:\/\/dev.freakuence.nl\/wp-content\/uploads\/2026\/04\/17612197038918-17008-IMG1496-scaled.jpg\",\"contentUrl\":\"https:\/\/dev.freakuence.nl\/wp-content\/uploads\/2026\/04\/17612197038918-17008-IMG1496-scaled.jpg\",\"width\":1800,\"height\":1200},{\"@type\":\"BreadcrumbList\",\"@id\":\"https:\/\/dev.freakuence.nl\/de\/produkt\/naim-nac-112x\/#breadcrumb\",\"itemListElement\":[{\"@type\":\"ListItem\",\"position\":1,\"name\":\"Startseite\",\"item\":\"https:\/\/dev.freakuence.nl\/de\/\"},{\"@type\":\"ListItem\",\"position\":2,\"name\":\"Produkte\",\"item\":\"https:\/\/dev.freakuence.nl\/de\/produkte\/\"},{\"@type\":\"ListItem\",\"position\":3,\"name\":\"Naim NAC 112x\"}]},{\"@type\":\"WebSite\",\"@id\":\"https:\/\/dev.freakuence.nl\/de\/#website\",\"url\":\"https:\/\/dev.freakuence.nl\/de\/\",\"name\":\"Freakuence!\",\"description\":\"Freakuence!\",\"publisher\":{\"@id\":\"https:\/\/dev.freakuence.nl\/de\/#organization\"},\"alternateName\":\"Freakuence\",\"potentialAction\":[{\"@type\":\"SearchAction\",\"target\":{\"@type\":\"EntryPoint\",\"urlTemplate\":\"https:\/\/dev.freakuence.nl\/de\/?s={search_term_string}\"},\"query-input\":{\"@type\":\"PropertyValueSpecification\",\"valueRequired\":true,\"valueName\":\"search_term_string\"}}],\"inLanguage\":\"de\"},{\"@type\":\"Organization\",\"@id\":\"https:\/\/dev.freakuence.nl\/de\/#organization\",\"name\":\"Freakuence!\",\"url\":\"https:\/\/dev.freakuence.nl\/de\/\",\"logo\":{\"@type\":\"ImageObject\",\"inLanguage\":\"de\",\"@id\":\"https:\/\/dev.freakuence.nl\/de\/#\/schema\/logo\/image\/\",\"url\":\"https:\/\/dev.freakuence.nl\/wp-content\/uploads\/2022\/05\/Brown_3_RGB_Freakuence-1.png\",\"contentUrl\":\"https:\/\/dev.freakuence.nl\/wp-content\/uploads\/2022\/05\/Brown_3_RGB_Freakuence-1.png\",\"width\":2560,\"height\":684,\"caption\":\"Freakuence!\"},\"image\":{\"@id\":\"https:\/\/dev.freakuence.nl\/de\/#\/schema\/logo\/image\/\"},\"sameAs\":[\"https:\/\/www.instagram.com\/freakuence_notorious_audio\/\"]}]}<\/script>\n<!-- \/ Yoast SEO plugin. -->","yoast_head_json":{"title":"Naim NAC 112x | Freakuence!","description":"Der Naim NAC 112x Vorverst\u00e4rker bietet sechs Eing\u00e4nge und eine pr\u00e4zise Lautst\u00e4rkeregelung f\u00fcr dynamischen Klang. \u2713 Neue & gebrauchte HiFi-Ger\u00e4te \u2713 Kundenbewertung: 4.9 von 5 \u2713 Inzahlungnahme \u2713 H\u00f6rprobe","robots":{"index":"noindex","follow":"follow","max-snippet":"max-snippet:-1","max-image-preview":"max-image-preview:large","max-video-preview":"max-video-preview:-1"},"og_locale":"de_DE","og_type":"article","og_title":"Naim NAC 112x | Freakuence!","og_description":"Der Naim NAC 112x Vorverst\u00e4rker bietet sechs Eing\u00e4nge und eine pr\u00e4zise Lautst\u00e4rkeregelung f\u00fcr dynamischen Klang. \u2713 Neue & gebrauchte HiFi-Ger\u00e4te \u2713 Kundenbewertung: 4.9 von 5 \u2713 Inzahlungnahme \u2713 H\u00f6rprobe","og_url":"https:\/\/dev.freakuence.nl\/de\/produkt\/naim-nac-112x\/","og_site_name":"Freakuence!","article_modified_time":"2026-04-08T15:46:01+00:00","og_image":[{"width":1800,"height":1200,"url":"https:\/\/dev.freakuence.nl\/wp-content\/uploads\/2026\/04\/17612197038918-17008-IMG1496-scaled.jpg","type":"image\/jpeg"}],"twitter_card":"summary_large_image","schema":{"@context":"https:\/\/schema.org","@graph":[{"@type":"WebPage","@id":"https:\/\/dev.freakuence.nl\/de\/produkt\/naim-nac-112x\/","url":"https:\/\/dev.freakuence.nl\/de\/produkt\/naim-nac-112x\/","name":"Naim NAC 112x | Freakuence!","isPartOf":{"@id":"https:\/\/dev.freakuence.nl\/de\/#website"},"primaryImageOfPage":{"@id":"https:\/\/dev.freakuence.nl\/de\/produkt\/naim-nac-112x\/#primaryimage"},"image":{"@id":"https:\/\/dev.freakuence.nl\/de\/produkt\/naim-nac-112x\/#primaryimage"},"thumbnailUrl":"https:\/\/dev.freakuence.nl\/wp-content\/uploads\/2026\/04\/17612197038918-17008-IMG1496-scaled.jpg","datePublished":"2025-10-23T11:42:38+00:00","dateModified":"2026-04-08T15:46:01+00:00","description":"Der Naim NAC 112x Vorverst\u00e4rker bietet sechs Eing\u00e4nge und eine pr\u00e4zise Lautst\u00e4rkeregelung f\u00fcr dynamischen Klang. \u2713 Neue & gebrauchte HiFi-Ger\u00e4te \u2713 Kundenbewertung: 4.9 von 5 \u2713 Inzahlungnahme \u2713 H\u00f6rprobe","breadcrumb":{"@id":"https:\/\/dev.freakuence.nl\/de\/produkt\/naim-nac-112x\/#breadcrumb"},"inLanguage":"de","potentialAction":[{"@type":"ReadAction","target":["https:\/\/dev.freakuence.nl\/de\/produkt\/naim-nac-112x\/"]}]},{"@type":"ImageObject","inLanguage":"de","@id":"https:\/\/dev.freakuence.nl\/de\/produkt\/naim-nac-112x\/#primaryimage","url":"https:\/\/dev.freakuence.nl\/wp-content\/uploads\/2026\/04\/17612197038918-17008-IMG1496-scaled.jpg","contentUrl":"https:\/\/dev.freakuence.nl\/wp-content\/uploads\/2026\/04\/17612197038918-17008-IMG1496-scaled.jpg","width":1800,"height":1200},{"@type":"BreadcrumbList","@id":"https:\/\/dev.freakuence.nl\/de\/produkt\/naim-nac-112x\/#breadcrumb","itemListElement":[{"@type":"ListItem","position":1,"name":"Startseite","item":"https:\/\/dev.freakuence.nl\/de\/"},{"@type":"ListItem","position":2,"name":"Produkte","item":"https:\/\/dev.freakuence.nl\/de\/produkte\/"},{"@type":"ListItem","position":3,"name":"Naim NAC 112x"}]},{"@type":"WebSite","@id":"https:\/\/dev.freakuence.nl\/de\/#website","url":"https:\/\/dev.freakuence.nl\/de\/","name":"Freakuence!","description":"Freakuence!","publisher":{"@id":"https:\/\/dev.freakuence.nl\/de\/#organization"},"alternateName":"Freakuence","potentialAction":[{"@type":"SearchAction","target":{"@type":"EntryPoint","urlTemplate":"https:\/\/dev.freakuence.nl\/de\/?s={search_term_string}"},"query-input":{"@type":"PropertyValueSpecification","valueRequired":true,"valueName":"search_term_string"}}],"inLanguage":"de"},{"@type":"Organization","@id":"https:\/\/dev.freakuence.nl\/de\/#organization","name":"Freakuence!","url":"https:\/\/dev.freakuence.nl\/de\/","logo":{"@type":"ImageObject","inLanguage":"de","@id":"https:\/\/dev.freakuence.nl\/de\/#\/schema\/logo\/image\/","url":"https:\/\/dev.freakuence.nl\/wp-content\/uploads\/2022\/05\/Brown_3_RGB_Freakuence-1.png","contentUrl":"https:\/\/dev.freakuence.nl\/wp-content\/uploads\/2022\/05\/Brown_3_RGB_Freakuence-1.png","width":2560,"height":684,"caption":"Freakuence!"},"image":{"@id":"https:\/\/dev.freakuence.nl\/de\/#\/schema\/logo\/image\/"},"sameAs":["https:\/\/www.instagram.com\/freakuence_notorious_audio\/"]}]}},"_links":{"self":[{"href":"https:\/\/dev.freakuence.nl\/de\/wp-json\/wp\/v2\/product\/324665","targetHints":{"allow":["GET"]}}],"collection":[{"href":"https:\/\/dev.freakuence.nl\/de\/wp-json\/wp\/v2\/product"}],"about":[{"href":"https:\/\/dev.freakuence.nl\/de\/wp-json\/wp\/v2\/types\/product"}],"wp:featuredmedia":[{"embeddable":true,"href":"https:\/\/dev.freakuence.nl\/de\/wp-json\/wp\/v2\/media\/382461"}],"wp:attachment":[{"href":"https:\/\/dev.freakuence.nl\/de\/wp-json\/wp\/v2\/media?parent=324665"}],"wp:term":[{"taxonomy":"product_brand","embeddable":true,"href":"https:\/\/dev.freakuence.nl\/de\/wp-json\/wp\/v2\/product_brand?post=324665"},{"taxonomy":"product_cat","embeddable":true,"href":"https:\/\/dev.freakuence.nl\/de\/wp-json\/wp\/v2\/product_cat?post=324665"},{"taxonomy":"product_tag","embeddable":true,"href":"https:\/\/dev.freakuence.nl\/de\/wp-json\/wp\/v2\/product_tag?post=324665"}],"curies":[{"name":"wp","href":"https:\/\/api.w.org\/{rel}","templated":true}]}}