{"id":399803,"date":"2026-04-15T19:26:37","date_gmt":"2026-04-15T17:26:37","guid":{"rendered":"https:\/\/freakuence.nl\/product\/proac-antwort-db-1\/"},"modified":"2026-04-16T12:25:38","modified_gmt":"2026-04-16T10:25:38","slug":"proac-antwort-db-1","status":"publish","type":"product","link":"https:\/\/dev.freakuence.nl\/de\/produkt\/proac-antwort-db-1\/","title":{"rendered":"ProAc Antwort DB 1"},"content":{"rendered":"<div class=\"product-specifications-list\">\n<div class=\"specification-item row-header\"><span class=\"spec-content\"><strong>Beschreibung Freakuence!<\/strong><\/span><\/div>\n<div class=\"specification-item row-even\"><span class=\"spec-content\">ProAc haben wir gerne hier! Hier ist ein weiteres Set, das Ihre Ohren zum Strahlen bringen wird! Diese kleinen Kerle lassen Sie vergessen, dass Sie Kompaktlautsprecher h\u00f6ren. Die Hocht\u00f6ne der Kalotte lassen Sie viel Raum erleben. Die Mitten? Nat\u00fcrlich, sie lassen Stimmen aufrichtig und Instrumente gut klingen. Und jetzt kommen wir zum Bass: Er ist schnell und gut mit etwas Kraft. Eine sch\u00f6ne Leistung f\u00fcr eine so bescheidene Gr\u00f6\u00dfe.       <\/span><\/div>\n<div class=\"specification-item row-header\"><span class=\"spec-content\"><strong>Details<\/strong><\/span><\/div>\n<div class=\"specification-item row-even\"><span class=\"spec-content\">Leider nicht wie neu! Ein Unfall liegt in einer kleinen Ecke. Siehe Fotos.<\/span><\/div>\n<div class=\"specification-item row-header\"><span class=\"spec-content\"><strong>Allgemeine Beschreibung<\/strong><\/span><\/div>\n<div class=\"specification-item row-even\"><span class=\"spec-content\">Der ProAc Response DB1 ist ein kompakter Lautsprecher, der eine Klangwiedergabe bietet, die man sonst nur von gr\u00f6\u00dferen Modellen kennt. Dieser Monitorlautsprecher liefert eine beeindruckende Klangb\u00fchne mit detailliertem Sound und dynamischer Wiedergabe.  <\/p>\n<p>Das Design des ProAc Response DB1 umfasst ein sorgf\u00e4ltig konstruiertes Geh\u00e4use aus unterschiedlich dickem, hochwertigem MDF, das mit Bitumen ged\u00e4mpft ist, um die Resonanz des Geh\u00e4uses zu minimieren. Der speziell entwickelte langhubige Tieft\u00f6ner mit einer Membran aus Zellstoff und Glimmer sorgt f\u00fcr eine kraftvolle und erweiterte Basswiedergabe.  Der 1-Zoll-Seidenkalotten-Hocht\u00f6ner tr\u00e4gt zu einer klaren und pr\u00e4zisen Hochfrequenzwiedergabe bei.  <\/p>\n<p>Mit dem ProAc Response DB1 erleben Sie ein ger\u00e4umiges Stereobild und eine nat\u00fcrliche Klangbalance, die Ihre Musiksammlung zum Leben erwecken wird. Vereinbaren Sie einen H\u00f6rtermin, um sich selbst von der Leistung dieses Lautsprechers zu \u00fcberzeugen, oder besprechen Sie die Inzahlungnahmeoptionen und entdecken Sie, wie der ProAc Response DB1 Ihr H\u00f6rerlebnis bereichern kann. <\/span><\/div>\n<div class=\"specification-item row-header\"><span class=\"spec-content\"><strong>Hintergrundinformationen<\/strong><\/span><\/div>\n<div class=\"specification-item row-even\"><span class=\"spec-content\">Die ProAc Response DB1-Lautsprecher wurden vom ProAc-Soundingenieur Stewart Tyler mit Pr\u00e4zision entwickelt. Der Schwerpunkt liegt auf einer nat\u00fcrlichen Klangwiedergabe unter Verwendung hochwertiger Materialien wie speziellen Mitteltieft\u00f6nern und einem 1-Zoll-Weichkalotten-Hocht\u00f6ner. Die Geh\u00e4use sind aus sorgf\u00e4ltig ausgew\u00e4hlten H\u00f6lzern gefertigt, um eine optimale Akustik zu gew\u00e4hrleisten. Die interne Verkabelung besteht aus sauerstofffreiem Kupfer, um Signalverluste zu minimieren. Jede Komponente wird in Gro\u00dfbritannien von Hand zusammengebaut, um die h\u00f6chsten Qualit\u00e4tsstandards zu gew\u00e4hrleisten.   <\/span><\/div>\n<div class=\"specification-item row-header\"><span class=\"spec-content\"><strong>Geschichte der Marke<\/strong><\/span><\/div>\n<div class=\"specification-item row-even\"><span class=\"spec-content\">ProAc ist eine britische Marke, die f\u00fcr ihre hochwertigen Lautsprecher bekannt ist. Sie wurde 1979 von Stewart Tyler gegr\u00fcndet, der zuvor an der Entwicklung von Lautsprechern f\u00fcr den professionellen Markt beteiligt war. ProAc konzentriert sich speziell auf den Heimanwendermarkt und hat im Laufe der Jahre eine breite Palette von Lautsprechermodellen entwickelt.  <\/p>\n<p>Die Lautsprecher von ProAc werden in Gro\u00dfbritannien handgefertigt, wobei viel Wert auf Details und Klangqualit\u00e4t gelegt wird. Die Marke ist bekannt f\u00fcr die Verwendung spezieller Komponenten und hochwertiger Materialien, die zu ihrem Ruf f\u00fcr Langlebigkeit und Leistung beitragen. <\/p>\n<p>Im Laufe der Jahre hat ProAc mehrere Modelle auf den Markt gebracht, die von Regal- bis zu Standlautsprechern reichen. Die Marke hat sich immer darauf konzentriert, einen nat\u00fcrlichen Klang zu liefern, was sie bei Audioenthusiasten auf der ganzen Welt so beliebt macht. <\/span><\/div>\n<\/div>\n","protected":false},"excerpt":{"rendered":"<p>Beschreibung Freakuence! ProAc haben wir gerne hier! Hier ist ein weiteres Set, das Ihre Ohren zum Strahlen bringen wird! Diese kleinen Kerle lassen Sie vergessen, dass Sie Kompaktlautsprecher h\u00f6ren. Die Hocht\u00f6ne der Kalotte lassen Sie viel Raum erleben. Die Mitten? Nat\u00fcrlich, sie lassen Stimmen aufrichtig und Instrumente gut klingen. Und jetzt kommen wir zum Bass: [&hellip;]<\/p>\n","protected":false},"featured_media":401888,"template":"","meta":{"_acf_changed":false,"inline_featured_image":false},"product_brand":[],"product_cat":[708,542],"product_tag":[534],"class_list":{"0":"post-399803","1":"product","2":"type-product","3":"status-publish","4":"has-post-thumbnail","6":"product_cat-bucherregal-lautsprecher","7":"product_cat-redner","8":"product_tag-benutzt","9":"pa_kleur-braun","11":"first","12":"instock","13":"sold-individually","14":"purchasable","15":"product-type-simple"},"acf":{"website":true,"show_on_homepage":false,"brand_title":"ProAc","product_type":"Response DB 1","color":"Braun","subcolor":"","reserved_status":"0"},"yoast_head":"<!-- This site is optimized with the Yoast SEO plugin v25.9 - https:\/\/yoast.com\/wordpress\/plugins\/seo\/ -->\n<title>ProAc Antwort DB 1 | Freakuence!<\/title>\n<meta name=\"description\" content=\"ProAc Response DB1: kompakter Lautsprecher mit gro\u00dfem Klang und tiefen B\u00e4ssen. \u2713 Neue &amp; gebrauchte HiFi-Ger\u00e4te \u2713 Kundenbewertung: 4.9 von 5 \u2713 Inzahlungnahme \u2713 H\u00f6rprobe\" \/>\n<meta name=\"robots\" content=\"noindex, follow, max-snippet:-1, max-image-preview:large, max-video-preview:-1\" \/>\n<meta property=\"og:locale\" content=\"de_DE\" \/>\n<meta property=\"og:type\" content=\"article\" \/>\n<meta property=\"og:title\" content=\"ProAc Antwort DB 1 | Freakuence!\" \/>\n<meta property=\"og:description\" content=\"ProAc Response DB1: kompakter Lautsprecher mit gro\u00dfem Klang und tiefen B\u00e4ssen. \u2713 Neue &amp; gebrauchte HiFi-Ger\u00e4te \u2713 Kundenbewertung: 4.9 von 5 \u2713 Inzahlungnahme \u2713 H\u00f6rprobe\" \/>\n<meta property=\"og:url\" content=\"https:\/\/dev.freakuence.nl\/de\/produkt\/proac-antwort-db-1\/\" \/>\n<meta property=\"og:site_name\" content=\"Freakuence!\" \/>\n<meta property=\"article:modified_time\" content=\"2026-04-16T10:25:38+00:00\" \/>\n<meta property=\"og:image\" content=\"https:\/\/dev.freakuence.nl\/wp-content\/uploads\/2026\/04\/17762603846595-19392-IMG5624-1.jpg\" \/>\n\t<meta property=\"og:image:width\" content=\"1800\" \/>\n\t<meta property=\"og:image:height\" content=\"1200\" \/>\n\t<meta property=\"og:image:type\" content=\"image\/jpeg\" \/>\n<meta name=\"twitter:card\" content=\"summary_large_image\" \/>\n<script type=\"application\/ld+json\" class=\"yoast-schema-graph\">{\"@context\":\"https:\/\/schema.org\",\"@graph\":[{\"@type\":\"WebPage\",\"@id\":\"https:\/\/dev.freakuence.nl\/de\/produkt\/proac-antwort-db-1\/\",\"url\":\"https:\/\/dev.freakuence.nl\/de\/produkt\/proac-antwort-db-1\/\",\"name\":\"ProAc Antwort DB 1 | Freakuence!\",\"isPartOf\":{\"@id\":\"https:\/\/dev.freakuence.nl\/de\/#website\"},\"primaryImageOfPage\":{\"@id\":\"https:\/\/dev.freakuence.nl\/de\/produkt\/proac-antwort-db-1\/#primaryimage\"},\"image\":{\"@id\":\"https:\/\/dev.freakuence.nl\/de\/produkt\/proac-antwort-db-1\/#primaryimage\"},\"thumbnailUrl\":\"https:\/\/dev.freakuence.nl\/wp-content\/uploads\/2026\/04\/17762603846595-19392-IMG5624-1.jpg\",\"datePublished\":\"2026-04-15T17:26:37+00:00\",\"dateModified\":\"2026-04-16T10:25:38+00:00\",\"description\":\"ProAc Response DB1: kompakter Lautsprecher mit gro\u00dfem Klang und tiefen B\u00e4ssen. \u2713 Neue & gebrauchte HiFi-Ger\u00e4te \u2713 Kundenbewertung: 4.9 von 5 \u2713 Inzahlungnahme \u2713 H\u00f6rprobe\",\"breadcrumb\":{\"@id\":\"https:\/\/dev.freakuence.nl\/de\/produkt\/proac-antwort-db-1\/#breadcrumb\"},\"inLanguage\":\"de\",\"potentialAction\":[{\"@type\":\"ReadAction\",\"target\":[\"https:\/\/dev.freakuence.nl\/de\/produkt\/proac-antwort-db-1\/\"]}]},{\"@type\":\"ImageObject\",\"inLanguage\":\"de\",\"@id\":\"https:\/\/dev.freakuence.nl\/de\/produkt\/proac-antwort-db-1\/#primaryimage\",\"url\":\"https:\/\/dev.freakuence.nl\/wp-content\/uploads\/2026\/04\/17762603846595-19392-IMG5624-1.jpg\",\"contentUrl\":\"https:\/\/dev.freakuence.nl\/wp-content\/uploads\/2026\/04\/17762603846595-19392-IMG5624-1.jpg\",\"width\":1800,\"height\":1200},{\"@type\":\"BreadcrumbList\",\"@id\":\"https:\/\/dev.freakuence.nl\/de\/produkt\/proac-antwort-db-1\/#breadcrumb\",\"itemListElement\":[{\"@type\":\"ListItem\",\"position\":1,\"name\":\"Startseite\",\"item\":\"https:\/\/dev.freakuence.nl\/de\/\"},{\"@type\":\"ListItem\",\"position\":2,\"name\":\"Produkte\",\"item\":\"https:\/\/dev.freakuence.nl\/de\/produkte\/\"},{\"@type\":\"ListItem\",\"position\":3,\"name\":\"ProAc Response DB 1\"}]},{\"@type\":\"WebSite\",\"@id\":\"https:\/\/dev.freakuence.nl\/de\/#website\",\"url\":\"https:\/\/dev.freakuence.nl\/de\/\",\"name\":\"Freakuence!\",\"description\":\"Freakuence!\",\"publisher\":{\"@id\":\"https:\/\/dev.freakuence.nl\/de\/#organization\"},\"alternateName\":\"Freakuence\",\"potentialAction\":[{\"@type\":\"SearchAction\",\"target\":{\"@type\":\"EntryPoint\",\"urlTemplate\":\"https:\/\/dev.freakuence.nl\/de\/?s={search_term_string}\"},\"query-input\":{\"@type\":\"PropertyValueSpecification\",\"valueRequired\":true,\"valueName\":\"search_term_string\"}}],\"inLanguage\":\"de\"},{\"@type\":\"Organization\",\"@id\":\"https:\/\/dev.freakuence.nl\/de\/#organization\",\"name\":\"Freakuence!\",\"url\":\"https:\/\/dev.freakuence.nl\/de\/\",\"logo\":{\"@type\":\"ImageObject\",\"inLanguage\":\"de\",\"@id\":\"https:\/\/dev.freakuence.nl\/de\/#\/schema\/logo\/image\/\",\"url\":\"https:\/\/dev.freakuence.nl\/wp-content\/uploads\/2022\/05\/Brown_3_RGB_Freakuence-1.png\",\"contentUrl\":\"https:\/\/dev.freakuence.nl\/wp-content\/uploads\/2022\/05\/Brown_3_RGB_Freakuence-1.png\",\"width\":2560,\"height\":684,\"caption\":\"Freakuence!\"},\"image\":{\"@id\":\"https:\/\/dev.freakuence.nl\/de\/#\/schema\/logo\/image\/\"},\"sameAs\":[\"https:\/\/www.instagram.com\/freakuence_notorious_audio\/\"]}]}<\/script>\n<!-- \/ Yoast SEO plugin. -->","yoast_head_json":{"title":"ProAc Antwort DB 1 | Freakuence!","description":"ProAc Response DB1: kompakter Lautsprecher mit gro\u00dfem Klang und tiefen B\u00e4ssen. \u2713 Neue & gebrauchte HiFi-Ger\u00e4te \u2713 Kundenbewertung: 4.9 von 5 \u2713 Inzahlungnahme \u2713 H\u00f6rprobe","robots":{"index":"noindex","follow":"follow","max-snippet":"max-snippet:-1","max-image-preview":"max-image-preview:large","max-video-preview":"max-video-preview:-1"},"og_locale":"de_DE","og_type":"article","og_title":"ProAc Antwort DB 1 | Freakuence!","og_description":"ProAc Response DB1: kompakter Lautsprecher mit gro\u00dfem Klang und tiefen B\u00e4ssen. \u2713 Neue & gebrauchte HiFi-Ger\u00e4te \u2713 Kundenbewertung: 4.9 von 5 \u2713 Inzahlungnahme \u2713 H\u00f6rprobe","og_url":"https:\/\/dev.freakuence.nl\/de\/produkt\/proac-antwort-db-1\/","og_site_name":"Freakuence!","article_modified_time":"2026-04-16T10:25:38+00:00","og_image":[{"width":1800,"height":1200,"url":"https:\/\/dev.freakuence.nl\/wp-content\/uploads\/2026\/04\/17762603846595-19392-IMG5624-1.jpg","type":"image\/jpeg"}],"twitter_card":"summary_large_image","schema":{"@context":"https:\/\/schema.org","@graph":[{"@type":"WebPage","@id":"https:\/\/dev.freakuence.nl\/de\/produkt\/proac-antwort-db-1\/","url":"https:\/\/dev.freakuence.nl\/de\/produkt\/proac-antwort-db-1\/","name":"ProAc Antwort DB 1 | Freakuence!","isPartOf":{"@id":"https:\/\/dev.freakuence.nl\/de\/#website"},"primaryImageOfPage":{"@id":"https:\/\/dev.freakuence.nl\/de\/produkt\/proac-antwort-db-1\/#primaryimage"},"image":{"@id":"https:\/\/dev.freakuence.nl\/de\/produkt\/proac-antwort-db-1\/#primaryimage"},"thumbnailUrl":"https:\/\/dev.freakuence.nl\/wp-content\/uploads\/2026\/04\/17762603846595-19392-IMG5624-1.jpg","datePublished":"2026-04-15T17:26:37+00:00","dateModified":"2026-04-16T10:25:38+00:00","description":"ProAc Response DB1: kompakter Lautsprecher mit gro\u00dfem Klang und tiefen B\u00e4ssen. \u2713 Neue & gebrauchte HiFi-Ger\u00e4te \u2713 Kundenbewertung: 4.9 von 5 \u2713 Inzahlungnahme \u2713 H\u00f6rprobe","breadcrumb":{"@id":"https:\/\/dev.freakuence.nl\/de\/produkt\/proac-antwort-db-1\/#breadcrumb"},"inLanguage":"de","potentialAction":[{"@type":"ReadAction","target":["https:\/\/dev.freakuence.nl\/de\/produkt\/proac-antwort-db-1\/"]}]},{"@type":"ImageObject","inLanguage":"de","@id":"https:\/\/dev.freakuence.nl\/de\/produkt\/proac-antwort-db-1\/#primaryimage","url":"https:\/\/dev.freakuence.nl\/wp-content\/uploads\/2026\/04\/17762603846595-19392-IMG5624-1.jpg","contentUrl":"https:\/\/dev.freakuence.nl\/wp-content\/uploads\/2026\/04\/17762603846595-19392-IMG5624-1.jpg","width":1800,"height":1200},{"@type":"BreadcrumbList","@id":"https:\/\/dev.freakuence.nl\/de\/produkt\/proac-antwort-db-1\/#breadcrumb","itemListElement":[{"@type":"ListItem","position":1,"name":"Startseite","item":"https:\/\/dev.freakuence.nl\/de\/"},{"@type":"ListItem","position":2,"name":"Produkte","item":"https:\/\/dev.freakuence.nl\/de\/produkte\/"},{"@type":"ListItem","position":3,"name":"ProAc Response DB 1"}]},{"@type":"WebSite","@id":"https:\/\/dev.freakuence.nl\/de\/#website","url":"https:\/\/dev.freakuence.nl\/de\/","name":"Freakuence!","description":"Freakuence!","publisher":{"@id":"https:\/\/dev.freakuence.nl\/de\/#organization"},"alternateName":"Freakuence","potentialAction":[{"@type":"SearchAction","target":{"@type":"EntryPoint","urlTemplate":"https:\/\/dev.freakuence.nl\/de\/?s={search_term_string}"},"query-input":{"@type":"PropertyValueSpecification","valueRequired":true,"valueName":"search_term_string"}}],"inLanguage":"de"},{"@type":"Organization","@id":"https:\/\/dev.freakuence.nl\/de\/#organization","name":"Freakuence!","url":"https:\/\/dev.freakuence.nl\/de\/","logo":{"@type":"ImageObject","inLanguage":"de","@id":"https:\/\/dev.freakuence.nl\/de\/#\/schema\/logo\/image\/","url":"https:\/\/dev.freakuence.nl\/wp-content\/uploads\/2022\/05\/Brown_3_RGB_Freakuence-1.png","contentUrl":"https:\/\/dev.freakuence.nl\/wp-content\/uploads\/2022\/05\/Brown_3_RGB_Freakuence-1.png","width":2560,"height":684,"caption":"Freakuence!"},"image":{"@id":"https:\/\/dev.freakuence.nl\/de\/#\/schema\/logo\/image\/"},"sameAs":["https:\/\/www.instagram.com\/freakuence_notorious_audio\/"]}]}},"_links":{"self":[{"href":"https:\/\/dev.freakuence.nl\/de\/wp-json\/wp\/v2\/product\/399803","targetHints":{"allow":["GET"]}}],"collection":[{"href":"https:\/\/dev.freakuence.nl\/de\/wp-json\/wp\/v2\/product"}],"about":[{"href":"https:\/\/dev.freakuence.nl\/de\/wp-json\/wp\/v2\/types\/product"}],"wp:featuredmedia":[{"embeddable":true,"href":"https:\/\/dev.freakuence.nl\/de\/wp-json\/wp\/v2\/media\/401888"}],"wp:attachment":[{"href":"https:\/\/dev.freakuence.nl\/de\/wp-json\/wp\/v2\/media?parent=399803"}],"wp:term":[{"taxonomy":"product_brand","embeddable":true,"href":"https:\/\/dev.freakuence.nl\/de\/wp-json\/wp\/v2\/product_brand?post=399803"},{"taxonomy":"product_cat","embeddable":true,"href":"https:\/\/dev.freakuence.nl\/de\/wp-json\/wp\/v2\/product_cat?post=399803"},{"taxonomy":"product_tag","embeddable":true,"href":"https:\/\/dev.freakuence.nl\/de\/wp-json\/wp\/v2\/product_tag?post=399803"}],"curies":[{"name":"wp","href":"https:\/\/api.w.org\/{rel}","templated":true}]}}