{"id":324666,"date":"2025-10-23T13:42:38","date_gmt":"2025-10-23T11:42:38","guid":{"rendered":"https:\/\/freakuence.nl\/product\/naim-nac-112x\/"},"modified":"2026-04-08T17:46:00","modified_gmt":"2026-04-08T15:46:00","slug":"naim-nac-112x","status":"publish","type":"product","link":"https:\/\/dev.freakuence.nl\/fr\/produit\/naim-nac-112x\/","title":{"rendered":"Naim NAC 112x"},"content":{"rendered":"<div class=\"product-specifications-list\">\n<div class=\"specification-item row-header\"><span class=\"spec-content\"><strong>Description Freakuence !<\/strong><\/span><\/div>\n<div class=\"specification-item row-even\"><span class=\"spec-content\">Joli pr\u00e9amplificateur mince de Naim. Il parvient facilement \u00e0 produire une image st\u00e9r\u00e9o spacieuse. Les voix sont bien mises en avant. Pas d&rsquo;exc\u00e8s, juste un plaisir direct. Le compagnon qui vous fait sourire.    <\/span><\/div>\n<div class=\"specification-item row-header\"><span class=\"spec-content\"><strong>D\u00e9tails<\/strong><\/span><\/div>\n<div class=\"specification-item row-even\"><span class=\"spec-content\">Naim, les bo\u00eetes noires avec puis un c\u00e2ble, puis pas. Pas facile ! Nous ne fournissons pas de c\u00e2bles DIN en standard. N&rsquo;h\u00e9sitez pas \u00e0 nous demander ce que nous avons de disponible.   <\/span><\/div>\n<div class=\"specification-item row-header\"><span class=\"spec-content\"><strong>Description g\u00e9n\u00e9rale<\/strong><\/span><\/div>\n<div class=\"specification-item row-even\"><span class=\"spec-content\">Ce pr\u00e9ampli offre six entr\u00e9es, dont deux prises RCA pour une connectivit\u00e9 suppl\u00e9mentaire. Le volume est contr\u00f4l\u00e9 par une \u00e9chelle de r\u00e9sistances \u00e0 commande num\u00e9rique, ce qui permet un contr\u00f4le pr\u00e9cis. La fonction programmable permet d&rsquo;ajuster le niveau de volume pour chaque entr\u00e9e, ce qui permet de conserver des niveaux sonores coh\u00e9rents lorsque vous passez d&rsquo;une source \u00e0 l&rsquo;autre. La t\u00e9l\u00e9commande offre un confort suppl\u00e9mentaire. Pour des performances optimales, le syst\u00e8me peut \u00eatre compl\u00e9t\u00e9 par une alimentation externe, telle que le Flatcap, afin d&rsquo;am\u00e9liorer encore la qualit\u00e9 du son.    <\/span><\/div>\n<div class=\"specification-item row-header\"><span class=\"spec-content\"><strong>Informations g\u00e9n\u00e9rales<\/strong><\/span><\/div>\n<div class=\"specification-item row-even\"><span class=\"spec-content\">Le Naim Supernait 3 est con\u00e7u selon la philosophie \u00ab\u00a0less is more\u00a0\u00bb de Naim. L&rsquo;amplificateur combine un pr\u00e9amplificateur de classe A enti\u00e8rement discret, s\u00e9lectionn\u00e9 \u00e0 la main, avec une entr\u00e9e phono MM de haute qualit\u00e9. Le c\u00e2blage interne est minimaliste, avec des chemins de signaux directs pour une reproduction sonore pure. Le bo\u00eetier robuste en aluminium prot\u00e8ge contre les microphonies et les influences \u00e9lectromagn\u00e9tiques. Le d\u00e9veloppement et l&rsquo;assemblage ont lieu \u00e0 Salisbury, en Angleterre, sous la direction d&rsquo;ing\u00e9nieurs tels que Steve Sells.    <\/span><\/div>\n<div class=\"specification-item row-header\"><span class=\"spec-content\"><strong>Histoire de la marque<\/strong><\/span><\/div>\n<div class=\"specification-item row-even\"><span class=\"spec-content\">Naim Audio a \u00e9t\u00e9 fond\u00e9e en 1973 par Julian Vereker, un ing\u00e9nieur britannique passionn\u00e9 d&rsquo;\u00e9lectronique et de musique. En 1985, la soci\u00e9t\u00e9 a re\u00e7u pour la premi\u00e8re fois le prestigieux Queen&rsquo;s Award, une reconnaissance qui lui a \u00e9t\u00e9 d\u00e9cern\u00e9e \u00e0 deux reprises par la suite. En 1991, la soci\u00e9t\u00e9 lance son premier lecteur de CD, le CDS, dot\u00e9 d&rsquo;un bo\u00eetier en deux parties pour de meilleures performances. En 2000, l&rsquo;amplificateur embl\u00e9matique NAP 500 a \u00e9t\u00e9 lanc\u00e9, suivi par le d\u00e9veloppement du syst\u00e8me d&rsquo;amplification Statement en 2014, une \u00e9tape importante dans l&rsquo;ing\u00e9nierie de l&rsquo;entreprise.   <\/span><\/div>\n<\/div>\n","protected":false},"excerpt":{"rendered":"<p>Description Freakuence ! Joli pr\u00e9amplificateur mince de Naim. Il parvient facilement \u00e0 produire une image st\u00e9r\u00e9o spacieuse. Les voix sont bien mises en avant. Pas d&rsquo;exc\u00e8s, juste un plaisir direct. Le compagnon qui vous fait sourire. D\u00e9tails Naim, les bo\u00eetes noires avec puis un c\u00e2ble, puis pas. Pas facile ! Nous ne fournissons pas de [&hellip;]<\/p>\n","protected":false},"featured_media":382461,"template":"","meta":{"_acf_changed":false,"inline_featured_image":false},"product_brand":[],"product_cat":[530,745,773],"product_tag":[533],"class_list":{"0":"post-324666","1":"product","2":"type-product","3":"status-publish","4":"has-post-thumbnail","6":"product_cat-amplificateurs","7":"product_cat-amplificateurs-stereo","8":"product_cat-classe-a-amplificateurs-stereo-a-b","9":"product_tag-used","10":"pa_kleur-noir","12":"first","13":"instock","14":"sold-individually","15":"purchasable","16":"product-type-simple"},"acf":{"website":true,"show_on_homepage":false,"brand_title":"Naim","product_type":"NAC 112x","color":"Noir","subcolor":"","reserved_status":"0"},"_links":{"self":[{"href":"https:\/\/dev.freakuence.nl\/fr\/wp-json\/wp\/v2\/product\/324666","targetHints":{"allow":["GET"]}}],"collection":[{"href":"https:\/\/dev.freakuence.nl\/fr\/wp-json\/wp\/v2\/product"}],"about":[{"href":"https:\/\/dev.freakuence.nl\/fr\/wp-json\/wp\/v2\/types\/product"}],"wp:featuredmedia":[{"embeddable":true,"href":"https:\/\/dev.freakuence.nl\/fr\/wp-json\/wp\/v2\/media\/382461"}],"wp:attachment":[{"href":"https:\/\/dev.freakuence.nl\/fr\/wp-json\/wp\/v2\/media?parent=324666"}],"wp:term":[{"taxonomy":"product_brand","embeddable":true,"href":"https:\/\/dev.freakuence.nl\/fr\/wp-json\/wp\/v2\/product_brand?post=324666"},{"taxonomy":"product_cat","embeddable":true,"href":"https:\/\/dev.freakuence.nl\/fr\/wp-json\/wp\/v2\/product_cat?post=324666"},{"taxonomy":"product_tag","embeddable":true,"href":"https:\/\/dev.freakuence.nl\/fr\/wp-json\/wp\/v2\/product_tag?post=324666"}],"curies":[{"name":"wp","href":"https:\/\/api.w.org\/{rel}","templated":true}]}}