{"id":330544,"date":"2026-01-14T16:23:13","date_gmt":"2026-01-14T15:23:13","guid":{"rendered":"https:\/\/freakuence.nl\/product\/advance-paris-my-connect-250\/"},"modified":"2026-04-08T20:21:01","modified_gmt":"2026-04-08T18:21:01","slug":"advance-paris-my-connect-250","status":"publish","type":"product","link":"https:\/\/dev.freakuence.nl\/fr\/produit\/advance-paris-my-connect-250\/","title":{"rendered":"Advance Paris My Connect 250"},"content":{"rendered":"<div class=\"product-specifications-list\">\n<div class=\"specification-item row-header\"><span class=\"spec-content\"><strong>Description Freakuence !<\/strong><\/span><\/div>\n<div class=\"specification-item row-even\"><span class=\"spec-content\">Avec une grande quantit\u00e9 de puissance et de tubes dans le pr\u00e9ampli, l&rsquo;appareil sait comment piloter vos haut-parleurs sans effort. Que vous lisiez un CD, \u00e9coutiez la radio ou diffusiez en continu, le son est toujours aussi bon. Et ces VU-m\u00e8tres ? Ils donnent \u00e0 l&rsquo;ensemble une touche de nostalgie.   <\/span><\/div>\n<div class=\"specification-item row-odd\"><span class=\"spec-content\">Prix de vente au d\u00e9tail : 2999.00<\/span><\/div>\n<div class=\"specification-item row-header\"><span class=\"spec-content\"><strong>D\u00e9tails<\/strong><\/span><\/div>\n<div class=\"specification-item row-even\"><span class=\"spec-content\">Vous cherchez un autre mod\u00e8le de la s\u00e9rie actuelle de la marque ? Envoyez-nous un message !  Nous aimons en faire quelque chose d&rsquo;amusant.<\/span><\/div>\n<div class=\"specification-item row-odd\"><span class=\"spec-content\">Comme nous sommes revendeurs de cette marque, nous sommes heureux de vous offrir la garantie compl\u00e8te du revendeur sur ce produit particulier ! Pourquoi ? Nous sommes confiants et cette assurance vous rendra la vie plus agr\u00e9able.  <\/span><\/div>\n<div class=\"specification-item row-header\"><span class=\"spec-content\"><strong>Description g\u00e9n\u00e9rale<\/strong><\/span><\/div>\n<div class=\"specification-item row-even\"><span class=\"spec-content\">Le MyConnect 250 d&rsquo;Advance Paris est une solution hi-fi polyvalente tout-en-un qui combine plusieurs sources audio en un seul appareil. Dot\u00e9 d&rsquo;un puissant amplificateur de classe AB, il d\u00e9livre un son dynamique et puissant.  Le pr\u00e9amplificateur \u00e0 tubes int\u00e9gr\u00e9 assure une reproduction sonore chaleureuse et naturelle.  <\/p>\n<p>Ce syst\u00e8me offre des options de connectivit\u00e9 \u00e9tendues, notamment Wi-Fi, Bluetooth, des entr\u00e9es optiques et coaxiales, des ports USB et une entr\u00e9e phono pour les platines. Il est \u00e9galement \u00e9quip\u00e9 d&rsquo;un lecteur CD et d&rsquo;un tuner FM\/DAB, ce qui vous permet de profiter \u00e0 la fois des sources musicales num\u00e9riques et analogiques.   <\/p>\n<p>Avec la prise en charge de services de streaming tels que Spotify, Tidal, Qobuz et Deezer, et la compatibilit\u00e9 DLNA, vous pouvez facilement diffuser votre musique pr\u00e9f\u00e9r\u00e9e. L&rsquo;utilisation est intuitive via l&rsquo;application Advance PlayStream ou la t\u00e9l\u00e9commande incluse.   <\/p>\n<p>Le design du MyConnect 250 est \u00e9l\u00e9gant et robuste, avec un \u00e9cran OLED lumineux et des boutons de commande intuitifs. La combinaison de mat\u00e9riaux de haute qualit\u00e9 et d&rsquo;un look \u00e9l\u00e9gant en fait un atout pour tout int\u00e9rieur. <\/span><\/div>\n<div class=\"specification-item row-header\"><span class=\"spec-content\"><strong>Informations g\u00e9n\u00e9rales<\/strong><\/span><\/div>\n<div class=\"specification-item row-even\"><span class=\"spec-content\">Le syst\u00e8me Advance Paris My Connect 250 a \u00e9t\u00e9 con\u00e7u avec une passion pour la lecture analogique et num\u00e9rique. Selon le fabricant, ce syst\u00e8me tout-en-un allie technologie audiophile haut de gamme et polyvalence. L&rsquo;\u00e9quipe de conception, dirig\u00e9e par l&rsquo;ing\u00e9nieur Philippe Langlois, a utilis\u00e9 des composants discrets, un transformateur toro\u00efdal robuste et des alimentations s\u00e9par\u00e9es pour les circuits num\u00e9riques et analogiques. Le bo\u00eetier enti\u00e8rement m\u00e9tallique r\u00e9duit les vibrations pour une qualit\u00e9 sonore optimale.   <\/span><\/div>\n<div class=\"specification-item row-header\"><span class=\"spec-content\"><strong>Histoire de la marque<\/strong><\/span><\/div>\n<div class=\"specification-item row-even\"><span class=\"spec-content\">Advance Paris, fond\u00e9e par Denis Carayol, a ses racines en France et se concentre sur le d\u00e9veloppement de produits audio de haute qualit\u00e9. La marque est issue de la soci\u00e9t\u00e9 Advance Acoustic, fond\u00e9e en 1995. Denis Carayol, ing\u00e9nieur \u00e9lectricien de formation et passionn\u00e9 par la qualit\u00e9 du son, est \u00e0 l&rsquo;origine de la cr\u00e9ation de la marque. Advance Paris associe les principes du design fran\u00e7ais \u00e0 l&rsquo;innovation technique, et le d\u00e9veloppement est men\u00e9 par une \u00e9quipe d&rsquo;ing\u00e9nieurs et de designers en France. Ils s&rsquo;efforcent d&rsquo;\u00e9quilibrer la technologie et les valeurs traditionnelles dans leurs produits, en mettant l&rsquo;accent sur l&rsquo;artisanat et la pr\u00e9cision.    <\/span><\/div>\n<\/div>\n","protected":false},"excerpt":{"rendered":"<p>Description Freakuence ! Avec une grande quantit\u00e9 de puissance et de tubes dans le pr\u00e9ampli, l&rsquo;appareil sait comment piloter vos haut-parleurs sans effort. Que vous lisiez un CD, \u00e9coutiez la radio ou diffusiez en continu, le son est toujours aussi bon. Et ces VU-m\u00e8tres ? Ils donnent \u00e0 l&rsquo;ensemble une touche de nostalgie. Prix de [&hellip;]<\/p>\n","protected":false},"featured_media":386638,"template":"","meta":{"_acf_changed":false,"inline_featured_image":false},"product_brand":[],"product_cat":[530,745,773],"product_tag":[533],"class_list":{"0":"post-330544","1":"product","2":"type-product","3":"status-publish","4":"has-post-thumbnail","6":"product_cat-amplificateurs","7":"product_cat-amplificateurs-stereo","8":"product_cat-classe-a-amplificateurs-stereo-a-b","9":"product_tag-used","10":"pa_kleur-noir","12":"first","13":"instock","14":"sold-individually","15":"purchasable","16":"product-type-simple"},"acf":{"website":true,"show_on_homepage":false,"brand_title":"Advance Paris","product_type":"My Connect 250","color":"Noir","subcolor":"","reserved_status":"0"},"yoast_head":"<!-- This site is optimized with the Yoast SEO plugin v25.9 - https:\/\/yoast.com\/wordpress\/plugins\/seo\/ -->\n<title>Advance Paris My Connect 250 | Freakuence!<\/title>\n<meta name=\"description\" content=\"Advance Paris MyConnect 250 : puissant amplificateur tout-en-un avec pr\u00e9amplification \u00e0 tubes, lecteur CD, tuner FM\/DAB et streaming. \u2713 HiFi neuve et d&#039;occasion \u2713 Note du client : 4,9 sur 5 \u2713 Reprise \u2713 Session d&#039;\u00e9coute\" \/>\n<meta name=\"robots\" content=\"noindex, follow, max-snippet:-1, max-image-preview:large, max-video-preview:-1\" \/>\n<meta property=\"og:locale\" content=\"fr_FR\" \/>\n<meta property=\"og:type\" content=\"article\" \/>\n<meta property=\"og:title\" content=\"Advance Paris My Connect 250 | Freakuence!\" \/>\n<meta property=\"og:description\" content=\"Advance Paris MyConnect 250 : puissant amplificateur tout-en-un avec pr\u00e9amplification \u00e0 tubes, lecteur CD, tuner FM\/DAB et streaming. \u2713 HiFi neuve et d&#039;occasion \u2713 Note du client : 4,9 sur 5 \u2713 Reprise \u2713 Session d&#039;\u00e9coute\" \/>\n<meta property=\"og:url\" content=\"https:\/\/dev.freakuence.nl\/fr\/produit\/advance-paris-my-connect-250\/\" \/>\n<meta property=\"og:site_name\" content=\"Freakuence!\" \/>\n<meta property=\"article:modified_time\" content=\"2026-04-08T18:21:01+00:00\" \/>\n<meta property=\"og:image\" content=\"https:\/\/dev.freakuence.nl\/wp-content\/uploads\/2026\/04\/17684041723732-18719-IMG8346.jpg\" \/>\n\t<meta property=\"og:image:width\" content=\"1800\" \/>\n\t<meta property=\"og:image:height\" content=\"1200\" \/>\n\t<meta property=\"og:image:type\" content=\"image\/jpeg\" \/>\n<meta name=\"twitter:card\" content=\"summary_large_image\" \/>\n<script type=\"application\/ld+json\" class=\"yoast-schema-graph\">{\"@context\":\"https:\/\/schema.org\",\"@graph\":[{\"@type\":\"WebPage\",\"@id\":\"https:\/\/dev.freakuence.nl\/fr\/produit\/advance-paris-my-connect-250\/\",\"url\":\"https:\/\/dev.freakuence.nl\/fr\/produit\/advance-paris-my-connect-250\/\",\"name\":\"Advance Paris My Connect 250 | Freakuence!\",\"isPartOf\":{\"@id\":\"https:\/\/dev.freakuence.nl\/fr\/#website\"},\"primaryImageOfPage\":{\"@id\":\"https:\/\/dev.freakuence.nl\/fr\/produit\/advance-paris-my-connect-250\/#primaryimage\"},\"image\":{\"@id\":\"https:\/\/dev.freakuence.nl\/fr\/produit\/advance-paris-my-connect-250\/#primaryimage\"},\"thumbnailUrl\":\"https:\/\/dev.freakuence.nl\/wp-content\/uploads\/2026\/04\/17684041723732-18719-IMG8346.jpg\",\"datePublished\":\"2026-01-14T15:23:13+00:00\",\"dateModified\":\"2026-04-08T18:21:01+00:00\",\"description\":\"Advance Paris MyConnect 250 : puissant amplificateur tout-en-un avec pr\u00e9amplification \u00e0 tubes, lecteur CD, tuner FM\/DAB et streaming. \u2713 HiFi neuve et d'occasion \u2713 Note du client : 4,9 sur 5 \u2713 Reprise \u2713 Session d'\u00e9coute\",\"breadcrumb\":{\"@id\":\"https:\/\/dev.freakuence.nl\/fr\/produit\/advance-paris-my-connect-250\/#breadcrumb\"},\"inLanguage\":\"fr-FR\",\"potentialAction\":[{\"@type\":\"ReadAction\",\"target\":[\"https:\/\/dev.freakuence.nl\/fr\/produit\/advance-paris-my-connect-250\/\"]}]},{\"@type\":\"ImageObject\",\"inLanguage\":\"fr-FR\",\"@id\":\"https:\/\/dev.freakuence.nl\/fr\/produit\/advance-paris-my-connect-250\/#primaryimage\",\"url\":\"https:\/\/dev.freakuence.nl\/wp-content\/uploads\/2026\/04\/17684041723732-18719-IMG8346.jpg\",\"contentUrl\":\"https:\/\/dev.freakuence.nl\/wp-content\/uploads\/2026\/04\/17684041723732-18719-IMG8346.jpg\",\"width\":1800,\"height\":1200},{\"@type\":\"BreadcrumbList\",\"@id\":\"https:\/\/dev.freakuence.nl\/fr\/produit\/advance-paris-my-connect-250\/#breadcrumb\",\"itemListElement\":[{\"@type\":\"ListItem\",\"position\":1,\"name\":\"Accueil\",\"item\":\"https:\/\/dev.freakuence.nl\/fr\/\"},{\"@type\":\"ListItem\",\"position\":2,\"name\":\"Produits\",\"item\":\"https:\/\/dev.freakuence.nl\/fr\/produits\/\"},{\"@type\":\"ListItem\",\"position\":3,\"name\":\"Advance Paris My Connect 250\"}]},{\"@type\":\"WebSite\",\"@id\":\"https:\/\/dev.freakuence.nl\/fr\/#website\",\"url\":\"https:\/\/dev.freakuence.nl\/fr\/\",\"name\":\"Freakuence!\",\"description\":\"Freakuence!\",\"publisher\":{\"@id\":\"https:\/\/dev.freakuence.nl\/fr\/#organization\"},\"alternateName\":\"Freakuence\",\"potentialAction\":[{\"@type\":\"SearchAction\",\"target\":{\"@type\":\"EntryPoint\",\"urlTemplate\":\"https:\/\/dev.freakuence.nl\/fr\/?s={search_term_string}\"},\"query-input\":{\"@type\":\"PropertyValueSpecification\",\"valueRequired\":true,\"valueName\":\"search_term_string\"}}],\"inLanguage\":\"fr-FR\"},{\"@type\":\"Organization\",\"@id\":\"https:\/\/dev.freakuence.nl\/fr\/#organization\",\"name\":\"Freakuence !\",\"url\":\"https:\/\/dev.freakuence.nl\/fr\/\",\"logo\":{\"@type\":\"ImageObject\",\"inLanguage\":\"fr-FR\",\"@id\":\"https:\/\/dev.freakuence.nl\/fr\/#\/schema\/logo\/image\/\",\"url\":\"https:\/\/dev.freakuence.nl\/wp-content\/uploads\/2022\/05\/Brown_3_RGB_Freakuence-1.png\",\"contentUrl\":\"https:\/\/dev.freakuence.nl\/wp-content\/uploads\/2022\/05\/Brown_3_RGB_Freakuence-1.png\",\"width\":2560,\"height\":684,\"caption\":\"Freakuence !\"},\"image\":{\"@id\":\"https:\/\/dev.freakuence.nl\/fr\/#\/schema\/logo\/image\/\"},\"sameAs\":[\"https:\/\/www.instagram.com\/freakuence_notorious_audio\/\"]}]}<\/script>\n<!-- \/ Yoast SEO plugin. -->","yoast_head_json":{"title":"Advance Paris My Connect 250 | Freakuence!","description":"Advance Paris MyConnect 250 : puissant amplificateur tout-en-un avec pr\u00e9amplification \u00e0 tubes, lecteur CD, tuner FM\/DAB et streaming. \u2713 HiFi neuve et d'occasion \u2713 Note du client : 4,9 sur 5 \u2713 Reprise \u2713 Session d'\u00e9coute","robots":{"index":"noindex","follow":"follow","max-snippet":"max-snippet:-1","max-image-preview":"max-image-preview:large","max-video-preview":"max-video-preview:-1"},"og_locale":"fr_FR","og_type":"article","og_title":"Advance Paris My Connect 250 | Freakuence!","og_description":"Advance Paris MyConnect 250 : puissant amplificateur tout-en-un avec pr\u00e9amplification \u00e0 tubes, lecteur CD, tuner FM\/DAB et streaming. \u2713 HiFi neuve et d'occasion \u2713 Note du client : 4,9 sur 5 \u2713 Reprise \u2713 Session d'\u00e9coute","og_url":"https:\/\/dev.freakuence.nl\/fr\/produit\/advance-paris-my-connect-250\/","og_site_name":"Freakuence!","article_modified_time":"2026-04-08T18:21:01+00:00","og_image":[{"width":1800,"height":1200,"url":"https:\/\/dev.freakuence.nl\/wp-content\/uploads\/2026\/04\/17684041723732-18719-IMG8346.jpg","type":"image\/jpeg"}],"twitter_card":"summary_large_image","schema":{"@context":"https:\/\/schema.org","@graph":[{"@type":"WebPage","@id":"https:\/\/dev.freakuence.nl\/fr\/produit\/advance-paris-my-connect-250\/","url":"https:\/\/dev.freakuence.nl\/fr\/produit\/advance-paris-my-connect-250\/","name":"Advance Paris My Connect 250 | Freakuence!","isPartOf":{"@id":"https:\/\/dev.freakuence.nl\/fr\/#website"},"primaryImageOfPage":{"@id":"https:\/\/dev.freakuence.nl\/fr\/produit\/advance-paris-my-connect-250\/#primaryimage"},"image":{"@id":"https:\/\/dev.freakuence.nl\/fr\/produit\/advance-paris-my-connect-250\/#primaryimage"},"thumbnailUrl":"https:\/\/dev.freakuence.nl\/wp-content\/uploads\/2026\/04\/17684041723732-18719-IMG8346.jpg","datePublished":"2026-01-14T15:23:13+00:00","dateModified":"2026-04-08T18:21:01+00:00","description":"Advance Paris MyConnect 250 : puissant amplificateur tout-en-un avec pr\u00e9amplification \u00e0 tubes, lecteur CD, tuner FM\/DAB et streaming. \u2713 HiFi neuve et d'occasion \u2713 Note du client : 4,9 sur 5 \u2713 Reprise \u2713 Session d'\u00e9coute","breadcrumb":{"@id":"https:\/\/dev.freakuence.nl\/fr\/produit\/advance-paris-my-connect-250\/#breadcrumb"},"inLanguage":"fr-FR","potentialAction":[{"@type":"ReadAction","target":["https:\/\/dev.freakuence.nl\/fr\/produit\/advance-paris-my-connect-250\/"]}]},{"@type":"ImageObject","inLanguage":"fr-FR","@id":"https:\/\/dev.freakuence.nl\/fr\/produit\/advance-paris-my-connect-250\/#primaryimage","url":"https:\/\/dev.freakuence.nl\/wp-content\/uploads\/2026\/04\/17684041723732-18719-IMG8346.jpg","contentUrl":"https:\/\/dev.freakuence.nl\/wp-content\/uploads\/2026\/04\/17684041723732-18719-IMG8346.jpg","width":1800,"height":1200},{"@type":"BreadcrumbList","@id":"https:\/\/dev.freakuence.nl\/fr\/produit\/advance-paris-my-connect-250\/#breadcrumb","itemListElement":[{"@type":"ListItem","position":1,"name":"Accueil","item":"https:\/\/dev.freakuence.nl\/fr\/"},{"@type":"ListItem","position":2,"name":"Produits","item":"https:\/\/dev.freakuence.nl\/fr\/produits\/"},{"@type":"ListItem","position":3,"name":"Advance Paris My Connect 250"}]},{"@type":"WebSite","@id":"https:\/\/dev.freakuence.nl\/fr\/#website","url":"https:\/\/dev.freakuence.nl\/fr\/","name":"Freakuence!","description":"Freakuence!","publisher":{"@id":"https:\/\/dev.freakuence.nl\/fr\/#organization"},"alternateName":"Freakuence","potentialAction":[{"@type":"SearchAction","target":{"@type":"EntryPoint","urlTemplate":"https:\/\/dev.freakuence.nl\/fr\/?s={search_term_string}"},"query-input":{"@type":"PropertyValueSpecification","valueRequired":true,"valueName":"search_term_string"}}],"inLanguage":"fr-FR"},{"@type":"Organization","@id":"https:\/\/dev.freakuence.nl\/fr\/#organization","name":"Freakuence !","url":"https:\/\/dev.freakuence.nl\/fr\/","logo":{"@type":"ImageObject","inLanguage":"fr-FR","@id":"https:\/\/dev.freakuence.nl\/fr\/#\/schema\/logo\/image\/","url":"https:\/\/dev.freakuence.nl\/wp-content\/uploads\/2022\/05\/Brown_3_RGB_Freakuence-1.png","contentUrl":"https:\/\/dev.freakuence.nl\/wp-content\/uploads\/2022\/05\/Brown_3_RGB_Freakuence-1.png","width":2560,"height":684,"caption":"Freakuence !"},"image":{"@id":"https:\/\/dev.freakuence.nl\/fr\/#\/schema\/logo\/image\/"},"sameAs":["https:\/\/www.instagram.com\/freakuence_notorious_audio\/"]}]}},"_links":{"self":[{"href":"https:\/\/dev.freakuence.nl\/fr\/wp-json\/wp\/v2\/product\/330544","targetHints":{"allow":["GET"]}}],"collection":[{"href":"https:\/\/dev.freakuence.nl\/fr\/wp-json\/wp\/v2\/product"}],"about":[{"href":"https:\/\/dev.freakuence.nl\/fr\/wp-json\/wp\/v2\/types\/product"}],"wp:featuredmedia":[{"embeddable":true,"href":"https:\/\/dev.freakuence.nl\/fr\/wp-json\/wp\/v2\/media\/386638"}],"wp:attachment":[{"href":"https:\/\/dev.freakuence.nl\/fr\/wp-json\/wp\/v2\/media?parent=330544"}],"wp:term":[{"taxonomy":"product_brand","embeddable":true,"href":"https:\/\/dev.freakuence.nl\/fr\/wp-json\/wp\/v2\/product_brand?post=330544"},{"taxonomy":"product_cat","embeddable":true,"href":"https:\/\/dev.freakuence.nl\/fr\/wp-json\/wp\/v2\/product_cat?post=330544"},{"taxonomy":"product_tag","embeddable":true,"href":"https:\/\/dev.freakuence.nl\/fr\/wp-json\/wp\/v2\/product_tag?post=330544"}],"curies":[{"name":"wp","href":"https:\/\/api.w.org\/{rel}","templated":true}]}}